{"id":7038,"date":"2023-09-18T16:37:46","date_gmt":"2023-09-18T16:37:46","guid":{"rendered":"https:\/\/almazaraalcaraz.com\/tienda\/?page_id=7038"},"modified":"2023-09-25T17:33:22","modified_gmt":"2023-09-25T17:33:22","slug":"la-empresa","status":"publish","type":"page","link":"https:\/\/almazaraalcaraz.com\/tienda\/la-empresa\/","title":{"rendered":"LA EMPRESA"},"content":{"rendered":"<div class=\"wpb-content-wrapper\"><p>[vc_row full_width=\u00bbstretch_row_content_no_spaces\u00bb et_uniqid=\u00bbet_custom_uniqid_5f5752ef9c2ad\u00bb _et_uniqid=\u00bbet_custom_uniqid_new_650c73358904e\u00bb css=\u00bb.vc_custom_1695314749784{margin-bottom: -38px !important;padding-top: 200px !important;padding-bottom: 300px !important;background-image: url(https:\/\/almazaraalcaraz.com\/tienda\/wp-content\/uploads\/2023\/09\/top-aesa-1-scaled.jpg?id=7149) !important;background-position: center !important;background-repeat: no-repeat !important;background-size: cover !important;}\u00bb][vc_column][\/vc_column][\/vc_row][vc_row][vc_column][vc_empty_space height=\u00bb62px\u00bb][vc_custom_heading text=\u00bbLA EMPRESA\u00bb font_container=\u00bbtag:h2|font_size:36|text_align:center|color:%231e1e1e\u00bb google_fonts=\u00bbfont_family:Lato%3A100%2C100italic%2C300%2C300italic%2Cregular%2Citalic%2C700%2C700italic%2C900%2C900italic|font_style:900%20bold%20regular%3A900%3Anormal\u00bb][vc_row_inner][vc_column_inner][vc_empty_space][vc_single_image image=\u00bb6920&#8243; img_size=\u00bbfull\u00bb alignment=\u00bbcenter\u00bb][vc_empty_space][vc_column_text]<\/p>\n<p class=\"contact\">Agropecuaria Ecol\u00f3gica Sierra de Alcaraz, conocida comercialmente como AESA, es una almazara con forma jur\u00eddica S.L., cuyo producto principal es el aceite de oliva virgen extra ecol\u00f3gico. Se fund\u00f3 en 2008 por una agrupaci\u00f3n de peque\u00f1os productores de aceituna de la Sierra de Alcaraz (Albacete).<\/p>\n<p style=\"font-weight: 400;\">AESA se encuentra en una comarca de especial importancia medio ambiental, rodeada de espacios naturales protegidos y dentro del t\u00e9rmino municipal de Alcaraz que est\u00e1 asociado a la Red Espa\u00f1ola de Municipios del Olivo.<\/p>\n<p>[\/vc_column_text][\/vc_column_inner][\/vc_row_inner][vc_separator color=\u00bbcustom\u00bb style=\u00bbdouble\u00bb border_width=\u00bb4&#8243; accent_color=\u00bb#cccc33&#8243;][vc_row_inner][vc_column_inner width=\u00bb1\/4&#8243;][vc_single_image image=\u00bb7129&#8243; img_size=\u00bbfull\u00bb alignment=\u00bbcenter\u00bb][\/vc_column_inner][vc_column_inner width=\u00bb3\/4&#8243;][vc_column_text]<\/p>\n<h2 style=\"font-weight: 400;\"><em><strong>TRAYECTORIA<\/strong><\/em><\/h2>\n<p style=\"font-weight: 400;\">Los movimientos en defensa del medio ambiente de los a\u00f1os 60 y 70 marcaron un punto de inflexi\u00f3n respecto a la producci\u00f3n de alimentos y la salud de la poblaci\u00f3n. Es en 1995, cuando se introduce una norma de producci\u00f3n ecol\u00f3gica y los primeros pasos para certificar esta producci\u00f3n.<\/p>\n<p style=\"font-weight: 400;\">Los agricultores concienciados desde el principio vieron en esta norma una oportunidad para mejorar la fertilidad de sus terrenos y se daban los primeros pasos para certificar sus cultivos.<\/p>\n<p>[\/vc_column_text][\/vc_column_inner][\/vc_row_inner][vc_column_text]<\/p>\n<p style=\"font-weight: 400;\">La empresa productora y almazara nacen en 2007, pero es hace m\u00e1s de 20 a\u00f1os cuando los agricultores de la comarca y sus alrededores comienzan con este proyecto, certific\u00e1ndose como productores ecol\u00f3gicos, comprendiendo esta experiencia como una oportunidad de mejora para la fertilidad de la tierra ya que las tierras de esta zona se encontraban pobres, adem\u00e1s una oportunidad de sacar adelante este cultivo con rentabilidad para las familias.<\/p>\n<p style=\"font-weight: 400;\">Debido a la necesidad de dichos agricultores para gestionar toda la burocracia necesaria para este tipo de producci\u00f3n, en 2002 se cre\u00f3 la Asociaci\u00f3n Ecol\u00f3gica de la Sierra de Alcaraz y que, en el 2016, pas\u00f3 a ser la Asociaci\u00f3n de operadores Ecol\u00f3gicos Tierra Verde, de \u00e1mbito nacional.<\/p>\n<p style=\"font-weight: 400;\">Adem\u00e1s de la burocracia, otro de los problemas que ten\u00edan los agricultores de olivar era la gesti\u00f3n de la comercializaci\u00f3n de sus productos, ya que las almazaras de la zona no estaban preparadas y ten\u00edan que llevar esta producci\u00f3n a poblaciones m\u00e1s lejanas situadas en la provincia de Ja\u00e9n. Entonces, en el a\u00f1o 2007, promovido por dicha asociaci\u00f3n, surgi\u00f3 la iniciativa de crear una almazara que perteneciese a los agricultores y que apostase por la excelencia para poder hacer un aceite de calidad y poder ponerlo en valor. Gracias al esfuerzo de muchos agricultores, sus familias y la ayuda de los gobiernos de Castilla -La Mancha, Espa\u00f1a y Europa, en 2008 se fund\u00f3 este peque\u00f1o proyecto, que a d\u00eda de hoy es la principal industria ecol\u00f3gica en Alcaraz y su comarca.<\/p>\n<p>[\/vc_column_text][vc_row_inner][vc_column_inner width=\u00bb2\/3&#8243;][vc_column_text]<\/p>\n<p style=\"font-weight: 400;\">En los a\u00f1os 2008\/09 tuvo lugar la primera campa\u00f1a de producci\u00f3n de esta empresa en la que apenas se molturaron 800.000kg, cantidad que poco a poco ha ido creciendo debido a la uni\u00f3n y apoyo de m\u00e1s agricultores en este proyecto, hasta la actualidad que se molturan unos 4 millones de kgs de media por campa\u00f1a.<\/p>\n<p style=\"font-weight: 400;\">Hoy en d\u00eda esta iniciativa re\u00fane a 122 socios; ecolog\u00eda, sostenibilidad, responsabilidad social, calidad e innovaci\u00f3n son los objetivos de la empresa.<\/p>\n<p>[\/vc_column_text][\/vc_column_inner][vc_column_inner width=\u00bb1\/3&#8243;][vc_single_image image=\u00bb7130&#8243; img_size=\u00bbfull\u00bb alignment=\u00bbcenter\u00bb][\/vc_column_inner][\/vc_row_inner][vc_separator color=\u00bbcustom\u00bb style=\u00bbdouble\u00bb border_width=\u00bb4&#8243; accent_color=\u00bb#cccc33&#8243;][\/vc_column][\/vc_row][vc_row][vc_column][vc_row_inner][vc_column_inner][vc_column_text]<\/p>\n<h2 style=\"font-weight: 400;\"><em><strong>CAR\u00c1CTER INNOVADOR<\/strong>.<\/em><\/h2>\n<p style=\"font-weight: 400;\">Esta empresa ha apostado por la calidad y la ecolog\u00eda. El inter\u00e9s por la innovaci\u00f3n y la consecuci\u00f3n de nuevos nichos de mercados ha llevado a esta empresa a estar certificada, no solo en la norma 834, que aprueba la producci\u00f3n ecol\u00f3gica para toda la Uni\u00f3n Europea sino tambi\u00e9n con certificaciones particulares para Suiza, Estados Unidos, China, Jap\u00f3n y Brasil, adem\u00e1s de hacer producci\u00f3n apta para la religi\u00f3n jud\u00eda con el certificado Kosher. Asimismo, cada a\u00f1o coopera con empresas europeas que son mucho m\u00e1s estrictas que las propias certificaciones y que buscan aceites libres de Mosh-Moah o aceites minerales.<\/p>\n<p style=\"font-weight: 400;\">Los movimientos en defensa del medio ambiente de los a\u00f1os 60 y 70 marcaron un punto de inflexi\u00f3n respecto a la producci\u00f3n de alimentos y la salud de la poblaci\u00f3n. Es en 1995, cuando se introduce una norma de producci\u00f3n ecol\u00f3gica y los primeros pasos para certificar esta producci\u00f3n.<\/p>\n<p style=\"font-weight: 400;\">Los agricultores concienciados desde el principio vieron en esta norma una oportunidad para mejorar la fertilidad de sus terrenos y se daban los primeros pasos para certificar sus cultivos.<\/p>\n<p>[\/vc_column_text][vc_single_image image=\u00bb7131&#8243; img_size=\u00bbfull\u00bb alignment=\u00bbcenter\u00bb][\/vc_column_inner][\/vc_row_inner][vc_row_inner][vc_column_inner width=\u00bb1\/3&#8243;][vc_single_image image=\u00bb7133&#8243; img_size=\u00bbfull\u00bb alignment=\u00bbcenter\u00bb][\/vc_column_inner][vc_column_inner width=\u00bb2\/3&#8243;][vc_column_text]<\/p>\n<p style=\"font-weight: 400;\">Actualmente, la empresa est\u00e1 realizando estudios para poder incorporar a su producci\u00f3n paneles solares para poder generar su propia electricidad y una planta de compostaje para poder dar salida a los residuos de la producci\u00f3n y a la vez obtener abono para sus agricultores.<\/p>\n<p style=\"font-weight: 400;\">Adem\u00e1s, se est\u00e1n realizando las primeras acciones para promover el oleo-turismo a trav\u00e9s de rutas por el olivar, visita al almazara y cata de aceites. Tenemos la firme convicci\u00f3n de que solo se valora lo que se conoce y es parte esencial de nuestros objetivos difundir la cultura del aceite tan importante para Espa\u00f1a, tanto a nivel gastron\u00f3mico como a nivel econ\u00f3mico pues ayuda a fijar poblaci\u00f3n en entornos rurales.<\/p>\n<p>[\/vc_column_text][\/vc_column_inner][\/vc_row_inner][vc_column_text]La marca Espa\u00f1a, Campo y Alma de\u00a0 la Junta de Comunidades de Castilla- La Mancha son nuestros mejores embajadores para promocionar nuestro g\u00e9nero, y es nuestra labor ayudar en la difusi\u00f3n y concienciaci\u00f3n de nuestros productos.<\/p>\n<p style=\"font-weight: 400;\">Adem\u00e1s, apostando por la formaci\u00f3n, hemos habilitado nuestras instalaciones para poder tener un aula de formaci\u00f3n, la cual se usa en colaboraci\u00f3n con empresas de formaci\u00f3n en ramas que se considere que son necesarias en las zonas rurales, como son la agricultura, la ecolog\u00eda, la ganader\u00eda o el turismo.<\/p>\n<p>[\/vc_column_text][vc_separator color=\u00bbcustom\u00bb style=\u00bbdouble\u00bb border_width=\u00bb4&#8243; accent_color=\u00bb#cccc33&#8243;][\/vc_column][\/vc_row][vc_row][vc_column][vc_row_inner][vc_column_inner][vc_column_text]<\/p>\n<h2 style=\"font-weight: 400;\"><em><strong>ESFUERZO EN LA COMERCIALIZACI\u00d3N<\/strong><\/em><\/h2>\n<p style=\"font-weight: 400;\">Las inversiones en certificaciones e investigaciones van de la mano de la inversi\u00f3n en marketing y publicidad, asistiendo a ferias y concursos a nivel nacional e internacional en Alemania o China y situando a esta peque\u00f1a empresa en el mapa internacional de exportaci\u00f3n de aceite de Oliva Virgen Extra Ecol\u00f3gico.<\/p>\n<p style=\"font-weight: 400;\">Tambi\u00e9n, con grandes reconocimientos de sus aceites a lo largo de los a\u00f1os en Espa\u00f1a, Alemania, Los \u00c1ngeles, Nueva York o incluso en China, ha ayudado a esta empresa a dar a conocer sus productos mejor. Sin ir m\u00e1s all\u00e1, en el a\u00f1o 2022, ha obtenido el mayor reconocimiento que se pueda obtener a nivel nacional, incluso internacional, a trav\u00e9s del <strong>Premio Alimentos de Espa\u00f1a<\/strong>, del Ministerio de Agricultura, Pesca y Alimentaci\u00f3n. No obstante, los reconocimientos son muchos a lo largo de los a\u00f1os de vida que tiene esta peque\u00f1a empresa, como el TOP 10 en Biofach Alemania, durante m\u00e1s de 5 a\u00f1os seguidos, medallas ORO en Ecotrama o estar incluidos en la Gu\u00eda Evooleum y Flos Olei durante varios a\u00f1os.<\/p>\n<p>A parte de la inversi\u00f3n a nivel particular por esta empresa en la comercializaci\u00f3n y la promoci\u00f3n de sus productos, recientemente ha participado en otros proyectos que incentivados por la Junta de Castilla La Mancha, promueven la comercializaci\u00f3n conjunta:[\/vc_column_text][\/vc_column_inner][\/vc_row_inner][vc_row_inner][vc_column_inner width=\u00bb1\/3&#8243;][vc_single_image image=\u00bb7134&#8243; img_size=\u00bbfull\u00bb alignment=\u00bbcenter\u00bb][\/vc_column_inner][vc_column_inner width=\u00bb2\/3&#8243;][vc_column_text]<\/p>\n<ul>\n<li>El proyecto Aromarural, a trav\u00e9s del cual, se han unido la almazara, dos empresas de alimentaci\u00f3n de la comarca y la Asociaci\u00f3n Ecol\u00f3gica Tierra Verde para dar a conocer los productos en la zona y fomentar los canales cortos para el consumo de productos de proximidad, fomentando el consumo local y productos de kil\u00f3metro 0.<\/li>\n<li>La creaci\u00f3n de una comercializadora, Olinexo SL, junto con la almazara \u201cAl Alma del Olivo\u201d de Toledo. Se trata de un APPAA, que tiene como fin que estas dos empresas de manera conjunta sean m\u00e1s fuertes en los mercados nacionales e internacionales, tanto de aceite envasado como a granel, llegando a ser en estos momento la mayor comercializadora de aceite ecol\u00f3gico de Castilla \u2013 La Mancha.<\/li>\n<\/ul>\n<p>[\/vc_column_text][\/vc_column_inner][\/vc_row_inner][vc_separator color=\u00bbcustom\u00bb style=\u00bbdouble\u00bb border_width=\u00bb4&#8243; accent_color=\u00bb#cccc33&#8243;][\/vc_column][\/vc_row][vc_row][vc_column][vc_row_inner][vc_column_inner][vc_single_image image=\u00bb6950&#8243; img_size=\u00bbfull\u00bb alignment=\u00bbcenter\u00bb onclick=\u00bbcustom_link\u00bb link=\u00bbhttps:\/\/almazaraalcaraz.com\/tienda\/sierra-de-alcaraz\/\u00bb][vc_column_text]<\/p>\n<h2 style=\"font-weight: 400;\"><em><strong>IMPACTO SOCIAL Y BENEFICIOS COLATERALES<\/strong><\/em><\/h2>\n<p style=\"font-weight: 400;\">En una zona rural en la que la poblaci\u00f3n es cada vez menor y tiende a estar envejecida, calificada por el Gobierno de Castilla- La Mancha como riesgo de extrema despoblaci\u00f3n, esta empresa da trabajo a 4 personas a tiempo completo, dos de ellas de forma directa, como maestros de almazara, los cuales viven con sus familias en la poblaci\u00f3n y dos personas m\u00e1s a trav\u00e9s de su comercializadora, administraci\u00f3n y comercial. Estos cuatro puestos requieren una formaci\u00f3n cualificada y dan la oportunidad a j\u00f3venes y habitantes del entorno a poder contar con trabajos\u00a0 estables ayudando \u00a0a fijar poblaci\u00f3n y disminuir \u201cla fuga de cerebros\u201d de una poblaci\u00f3n de apenas 1.500 habitantes. Al mismo tiempo, tambi\u00e9n da trabajo de manera temporal a dos personas m\u00e1s cuando las circunstancias de la producci\u00f3n lo demandan.<\/p>\n<p style=\"font-weight: 400;\">Asimismo, los agricultores de nuestra almazara, ayudan a mantener viva la asociaci\u00f3n Tierra Verde, que da trabajo directo a dos puestos de trabajo fijos y 3 de manera temporal.<\/p>\n<p style=\"font-weight: 400;\">Con la labor de potenciar el aceite de oliva virgen extra ecol\u00f3gico, se difunde entre todos los estamentos de la sociedad la cultura del AOVE ecol\u00f3gico, entre los que cabe destacar, agricultores, consumidores, sector hostelero y restauraci\u00f3n de la zona y a crear una imagen de comarca implicada en la defensa de la ecolog\u00eda y medio ambiente, para lo cual re\u00fane unas condiciones excepcionales esta comarca.<\/p>\n<p style=\"font-weight: 400;\">Igualmente, esta empresa da trabajo a profesionales de la zona de otros sectores de manera indirecta al trabajar con ellos en todo lo posible.<\/p>\n<p style=\"font-weight: 400;\">Otro de los beneficios que proporciona esta empresa, es a trav\u00e9s de las inversiones en promoci\u00f3n que hace que, simbi\u00f3ticamente, junto con las empresas de turismo de la zona y los poderes p\u00fablicos, se promueva la marca Sierra de Alcaraz, haciendo que cada vez m\u00e1s gente sepa donde est\u00e1 situada la poblaci\u00f3n que da nombre a la empresa y a la sierra m\u00e1s importante de la provincia de Albacete.<\/p>\n<p style=\"font-weight: 400;\">Remarcar, tambi\u00e9n, que varios de los socios de esta empresa, muy concienciados con el medio ambiente, la recuperaci\u00f3n del paisaje y la captura del carbono, est\u00e1n experimentando con la integraci\u00f3n de ganado ovino y equino, con la raza asturc\u00f3n, para el control de cubiertas vegetales, obteniendo resultados excelentes.<\/p>\n<p>[\/vc_column_text][\/vc_column_inner][\/vc_row_inner][vc_separator color=\u00bbcustom\u00bb style=\u00bbdouble\u00bb border_width=\u00bb4&#8243; accent_color=\u00bb#cccc33&#8243;][\/vc_column][\/vc_row][vc_row][vc_column][vc_row_inner][vc_column_inner][vc_column_text]<\/p>\n<h2 style=\"font-weight: 400;\"><em><strong>IMPACTO ECON\u00d3MICO<\/strong><\/em><\/h2>\n<p style=\"font-weight: 400;\">El impacto econ\u00f3mico es de gran relevancia, ya que no solo permite, que m\u00e1s de \u00a06 familias vivan de manera directa e indirecta del trabajo de esta empresa sino que adem\u00e1s factura m\u00e1s de 3 millones de euros al a\u00f1o, repercutiendo los beneficios de esta en el precio de la aceituna que paga a los agricultores.<\/p>\n<p style=\"font-weight: 400;\">Derivado de la labor de AESA, permite la recuperaci\u00f3n de olivares, la valorizaci\u00f3n de sus cosechas, el incremento del turismo en la zona, el aumento de actividad en la hosteler\u00eda y, sobre todo, volver a llevar el orgullo del trabajo bien hecho a toda la comarca.<\/p>\n<p style=\"font-weight: 400;\">El foco de esta empresa est\u00e1 fijado en mejorar poco a poco y hacer que una peque\u00f1a empresa, creada por peque\u00f1os agricultores se convierta en una gran empresa y sea un orgullo para sus socios, los habitantes de la zona y todos sus clientes que hacen que este proyecto sea posible.<\/p>\n<p>[\/vc_column_text][\/vc_column_inner][\/vc_row_inner][vc_separator color=\u00bbcustom\u00bb style=\u00bbdouble\u00bb border_width=\u00bb4&#8243; accent_color=\u00bb#cccc33&#8243;][vc_single_image image=\u00bb7044&#8243; img_size=\u00bbfull\u00bb alignment=\u00bbcenter\u00bb onclick=\u00bbcustom_link\u00bb link=\u00bbhttps:\/\/almazaraalcaraz.com\/tienda\/turismo-en-alcaraz\/\u00bb][vc_column_text]<\/p>\n<p class=\"contact\" align=\"justify\"><strong>El entorno<\/strong><br \/>\nLas caracter\u00edsticas medio ambientales de la Sierra de Alcaraz son tan importantes para la calidad de los aceites ecol\u00f3gicos de AESA que incluso hemos incorporado su nombre al nuestro. Agropecuaria Ecol\u00f3gica Sierra de Alcaraz.<\/p>\n<p align=\"justify\"><a href=\"https:\/\/almazaraalcaraz.com\/tienda\/turismo-en-alcaraz\/\">Pero la Sierra de Alcaraz es mucho m\u00e1s\u2026<\/a><\/p>\n<p>[\/vc_column_text][vc_empty_space][\/vc_column][\/vc_row]<\/p>\n<\/div>","protected":false},"excerpt":{"rendered":"<p>[vc_row full_width=\u00bbstretch_row_content_no_spaces\u00bb et_uniqid=\u00bbet_custom_uniqid_5f5752ef9c2ad\u00bb _et_uniqid=\u00bbet_custom_uniqid_new_650c73358904e\u00bb css=\u00bb.vc_custom_1695314749784{margin-bottom: -38px !important;padding-top: 200px !important;padding-bottom: 300px !important;background-image: url(https:\/\/almazaraalcaraz.com\/tienda\/wp-content\/uploads\/2023\/09\/top-aesa-1-scaled.jpg?id=7149) !important;background-position: center !important;background-repeat: no-repeat !important;background-size: cover !important;}\u00bb][vc_column][\/vc_column][\/vc_row][vc_row][vc_column][vc_empty_space height=\u00bb62px\u00bb][vc_custom_heading text=\u00bbLA EMPRESA\u00bb font_container=\u00bbtag:h2|font_size:36|text_align:center|color:%231e1e1e\u00bb google_fonts=\u00bbfont_family:Lato%3A100%2C100italic%2C300%2C300italic%2Cregular%2Citalic%2C700%2C700italic%2C900%2C900italic|font_style:900%20bold%20regular%3A900%3Anormal\u00bb][vc_row_inner][vc_column_inner][vc_empty_space][vc_single_image image=\u00bb6920&#8243;&#8230;<\/p>\n","protected":false},"author":2,"featured_media":0,"parent":0,"menu_order":0,"comment_status":"closed","ping_status":"closed","template":"","meta":{"footnotes":""},"class_list":["post-7038","page","type-page","status-publish","hentry"],"yoast_head":"<!-- This site is optimized with the Yoast SEO plugin v27.0 - https:\/\/yoast.com\/product\/yoast-seo-wordpress\/ -->\n<title>LA EMPRESA - Almazara de Alcaraz<\/title>\n<meta name=\"description\" content=\"Agropecuaria Ecol\u00f3gica Sierra de Alcaraz, conocida comercialmente como AESA, es una almazara con forma jur\u00eddica S.L., cuyo producto principal es el aceite de oliva virgen extra ecol\u00f3gico. Se fund\u00f3 en 2008 por una agrupaci\u00f3n de peque\u00f1os productores de aceituna de la Sierra de Alcaraz (Albacete).\" \/>\n<meta name=\"robots\" content=\"index, follow, max-snippet:-1, max-image-preview:large, max-video-preview:-1\" \/>\n<link rel=\"canonical\" href=\"https:\/\/almazaraalcaraz.com\/tienda\/la-empresa\/\" \/>\n<meta property=\"og:locale\" content=\"es_ES\" \/>\n<meta property=\"og:type\" content=\"article\" \/>\n<meta property=\"og:title\" content=\"LA EMPRESA - Almazara de Alcaraz\" \/>\n<meta property=\"og:description\" content=\"Agropecuaria Ecol\u00f3gica Sierra de Alcaraz, conocida comercialmente como AESA, es una almazara con forma jur\u00eddica S.L., cuyo producto principal es el aceite de oliva virgen extra ecol\u00f3gico. Se fund\u00f3 en 2008 por una agrupaci\u00f3n de peque\u00f1os productores de aceituna de la Sierra de Alcaraz (Albacete).\" \/>\n<meta property=\"og:url\" content=\"https:\/\/almazaraalcaraz.com\/tienda\/la-empresa\/\" \/>\n<meta property=\"og:site_name\" content=\"Almazara de Alcaraz\" \/>\n<meta property=\"article:publisher\" content=\"https:\/\/www.facebook.com\/aesabio\/?locale=es_ES\" \/>\n<meta property=\"article:modified_time\" content=\"2023-09-25T17:33:22+00:00\" \/>\n<meta name=\"twitter:card\" content=\"summary_large_image\" \/>\n<meta name=\"twitter:label1\" content=\"Tiempo de lectura\" \/>\n\t<meta name=\"twitter:data1\" content=\"9 minutos\" \/>\n<script type=\"application\/ld+json\" class=\"yoast-schema-graph\">{\"@context\":\"https:\/\/schema.org\",\"@graph\":[{\"@type\":\"WebPage\",\"@id\":\"https:\/\/almazaraalcaraz.com\/tienda\/la-empresa\/\",\"url\":\"https:\/\/almazaraalcaraz.com\/tienda\/la-empresa\/\",\"name\":\"LA EMPRESA - Almazara de Alcaraz\",\"isPartOf\":{\"@id\":\"https:\/\/almazaraalcaraz.com\/tienda\/#website\"},\"datePublished\":\"2023-09-18T16:37:46+00:00\",\"dateModified\":\"2023-09-25T17:33:22+00:00\",\"description\":\"Agropecuaria Ecol\u00f3gica Sierra de Alcaraz, conocida comercialmente como AESA, es una almazara con forma jur\u00eddica S.L., cuyo producto principal es el aceite de oliva virgen extra ecol\u00f3gico. Se fund\u00f3 en 2008 por una agrupaci\u00f3n de peque\u00f1os productores de aceituna de la Sierra de Alcaraz (Albacete).\",\"breadcrumb\":{\"@id\":\"https:\/\/almazaraalcaraz.com\/tienda\/la-empresa\/#breadcrumb\"},\"inLanguage\":\"es\",\"potentialAction\":[{\"@type\":\"ReadAction\",\"target\":[\"https:\/\/almazaraalcaraz.com\/tienda\/la-empresa\/\"]}]},{\"@type\":\"BreadcrumbList\",\"@id\":\"https:\/\/almazaraalcaraz.com\/tienda\/la-empresa\/#breadcrumb\",\"itemListElement\":[{\"@type\":\"ListItem\",\"position\":1,\"name\":\"Portada\",\"item\":\"https:\/\/almazaraalcaraz.com\/tienda\/\"},{\"@type\":\"ListItem\",\"position\":2,\"name\":\"LA EMPRESA\"}]},{\"@type\":\"WebSite\",\"@id\":\"https:\/\/almazaraalcaraz.com\/tienda\/#website\",\"url\":\"https:\/\/almazaraalcaraz.com\/tienda\/\",\"name\":\"Almazara de Alcaraz\",\"description\":\"Agropecuaria Ecol\u00f3gica Sierra de alcara\",\"publisher\":{\"@id\":\"https:\/\/almazaraalcaraz.com\/tienda\/#organization\"},\"potentialAction\":[{\"@type\":\"SearchAction\",\"target\":{\"@type\":\"EntryPoint\",\"urlTemplate\":\"https:\/\/almazaraalcaraz.com\/tienda\/?s={search_term_string}\"},\"query-input\":{\"@type\":\"PropertyValueSpecification\",\"valueRequired\":true,\"valueName\":\"search_term_string\"}}],\"inLanguage\":\"es\"},{\"@type\":\"Organization\",\"@id\":\"https:\/\/almazaraalcaraz.com\/tienda\/#organization\",\"name\":\"Almazara de Alcaraz\",\"url\":\"https:\/\/almazaraalcaraz.com\/tienda\/\",\"logo\":{\"@type\":\"ImageObject\",\"inLanguage\":\"es\",\"@id\":\"https:\/\/almazaraalcaraz.com\/tienda\/#\/schema\/logo\/image\/\",\"url\":\"https:\/\/almazaraalcaraz.com\/tienda\/wp-content\/uploads\/2023\/06\/Logo-AESA_masgordo.png\",\"contentUrl\":\"https:\/\/almazaraalcaraz.com\/tienda\/wp-content\/uploads\/2023\/06\/Logo-AESA_masgordo.png\",\"width\":591,\"height\":264,\"caption\":\"Almazara de Alcaraz\"},\"image\":{\"@id\":\"https:\/\/almazaraalcaraz.com\/tienda\/#\/schema\/logo\/image\/\"},\"sameAs\":[\"https:\/\/www.facebook.com\/aesabio\/?locale=es_ES\",\"https:\/\/www.youtube.com\/@AESAsierradealcaraz\"]}]}<\/script>\n<!-- \/ Yoast SEO plugin. -->","yoast_head_json":{"title":"LA EMPRESA - Almazara de Alcaraz","description":"Agropecuaria Ecol\u00f3gica Sierra de Alcaraz, conocida comercialmente como AESA, es una almazara con forma jur\u00eddica S.L., cuyo producto principal es el aceite de oliva virgen extra ecol\u00f3gico. Se fund\u00f3 en 2008 por una agrupaci\u00f3n de peque\u00f1os productores de aceituna de la Sierra de Alcaraz (Albacete).","robots":{"index":"index","follow":"follow","max-snippet":"max-snippet:-1","max-image-preview":"max-image-preview:large","max-video-preview":"max-video-preview:-1"},"canonical":"https:\/\/almazaraalcaraz.com\/tienda\/la-empresa\/","og_locale":"es_ES","og_type":"article","og_title":"LA EMPRESA - Almazara de Alcaraz","og_description":"Agropecuaria Ecol\u00f3gica Sierra de Alcaraz, conocida comercialmente como AESA, es una almazara con forma jur\u00eddica S.L., cuyo producto principal es el aceite de oliva virgen extra ecol\u00f3gico. Se fund\u00f3 en 2008 por una agrupaci\u00f3n de peque\u00f1os productores de aceituna de la Sierra de Alcaraz (Albacete).","og_url":"https:\/\/almazaraalcaraz.com\/tienda\/la-empresa\/","og_site_name":"Almazara de Alcaraz","article_publisher":"https:\/\/www.facebook.com\/aesabio\/?locale=es_ES","article_modified_time":"2023-09-25T17:33:22+00:00","twitter_card":"summary_large_image","twitter_misc":{"Tiempo de lectura":"9 minutos"},"schema":{"@context":"https:\/\/schema.org","@graph":[{"@type":"WebPage","@id":"https:\/\/almazaraalcaraz.com\/tienda\/la-empresa\/","url":"https:\/\/almazaraalcaraz.com\/tienda\/la-empresa\/","name":"LA EMPRESA - Almazara de Alcaraz","isPartOf":{"@id":"https:\/\/almazaraalcaraz.com\/tienda\/#website"},"datePublished":"2023-09-18T16:37:46+00:00","dateModified":"2023-09-25T17:33:22+00:00","description":"Agropecuaria Ecol\u00f3gica Sierra de Alcaraz, conocida comercialmente como AESA, es una almazara con forma jur\u00eddica S.L., cuyo producto principal es el aceite de oliva virgen extra ecol\u00f3gico. Se fund\u00f3 en 2008 por una agrupaci\u00f3n de peque\u00f1os productores de aceituna de la Sierra de Alcaraz (Albacete).","breadcrumb":{"@id":"https:\/\/almazaraalcaraz.com\/tienda\/la-empresa\/#breadcrumb"},"inLanguage":"es","potentialAction":[{"@type":"ReadAction","target":["https:\/\/almazaraalcaraz.com\/tienda\/la-empresa\/"]}]},{"@type":"BreadcrumbList","@id":"https:\/\/almazaraalcaraz.com\/tienda\/la-empresa\/#breadcrumb","itemListElement":[{"@type":"ListItem","position":1,"name":"Portada","item":"https:\/\/almazaraalcaraz.com\/tienda\/"},{"@type":"ListItem","position":2,"name":"LA EMPRESA"}]},{"@type":"WebSite","@id":"https:\/\/almazaraalcaraz.com\/tienda\/#website","url":"https:\/\/almazaraalcaraz.com\/tienda\/","name":"Almazara de Alcaraz","description":"Agropecuaria Ecol\u00f3gica Sierra de alcara","publisher":{"@id":"https:\/\/almazaraalcaraz.com\/tienda\/#organization"},"potentialAction":[{"@type":"SearchAction","target":{"@type":"EntryPoint","urlTemplate":"https:\/\/almazaraalcaraz.com\/tienda\/?s={search_term_string}"},"query-input":{"@type":"PropertyValueSpecification","valueRequired":true,"valueName":"search_term_string"}}],"inLanguage":"es"},{"@type":"Organization","@id":"https:\/\/almazaraalcaraz.com\/tienda\/#organization","name":"Almazara de Alcaraz","url":"https:\/\/almazaraalcaraz.com\/tienda\/","logo":{"@type":"ImageObject","inLanguage":"es","@id":"https:\/\/almazaraalcaraz.com\/tienda\/#\/schema\/logo\/image\/","url":"https:\/\/almazaraalcaraz.com\/tienda\/wp-content\/uploads\/2023\/06\/Logo-AESA_masgordo.png","contentUrl":"https:\/\/almazaraalcaraz.com\/tienda\/wp-content\/uploads\/2023\/06\/Logo-AESA_masgordo.png","width":591,"height":264,"caption":"Almazara de Alcaraz"},"image":{"@id":"https:\/\/almazaraalcaraz.com\/tienda\/#\/schema\/logo\/image\/"},"sameAs":["https:\/\/www.facebook.com\/aesabio\/?locale=es_ES","https:\/\/www.youtube.com\/@AESAsierradealcaraz"]}]}},"_links":{"self":[{"href":"https:\/\/almazaraalcaraz.com\/tienda\/wp-json\/wp\/v2\/pages\/7038","targetHints":{"allow":["GET"]}}],"collection":[{"href":"https:\/\/almazaraalcaraz.com\/tienda\/wp-json\/wp\/v2\/pages"}],"about":[{"href":"https:\/\/almazaraalcaraz.com\/tienda\/wp-json\/wp\/v2\/types\/page"}],"author":[{"embeddable":true,"href":"https:\/\/almazaraalcaraz.com\/tienda\/wp-json\/wp\/v2\/users\/2"}],"replies":[{"embeddable":true,"href":"https:\/\/almazaraalcaraz.com\/tienda\/wp-json\/wp\/v2\/comments?post=7038"}],"version-history":[{"count":20,"href":"https:\/\/almazaraalcaraz.com\/tienda\/wp-json\/wp\/v2\/pages\/7038\/revisions"}],"predecessor-version":[{"id":7152,"href":"https:\/\/almazaraalcaraz.com\/tienda\/wp-json\/wp\/v2\/pages\/7038\/revisions\/7152"}],"wp:attachment":[{"href":"https:\/\/almazaraalcaraz.com\/tienda\/wp-json\/wp\/v2\/media?parent=7038"}],"curies":[{"name":"wp","href":"https:\/\/api.w.org\/{rel}","templated":true}]}}